{"id":285,"date":"2017-09-19T21:47:21","date_gmt":"2017-09-19T19:47:21","guid":{"rendered":"https:\/\/www.sartrouville-escalade.fr\/worexp\/?page_id=285"},"modified":"2022-06-06T21:53:54","modified_gmt":"2022-06-06T19:53:54","slug":"le-materiel-necessaire","status":"publish","type":"page","link":"https:\/\/www.sartrouville-escalade.fr\/worexp\/index.php\/inscription\/le-materiel-necessaire\/","title":{"rendered":"Le mat\u00e9riel n\u00e9cessaire"},"content":{"rendered":"<p>Rappel du mat\u00e9riel n\u00e9cessaire, sauf pour les \u00ab\u00a0baby\u00a0\u00bb escalade du samedi 11h00 et les tous jeunes enfants de 7 et 8 ans o\u00f9 c&rsquo;est l&rsquo;encadrant qui vous dira quel <u>\u00e9<\/u>quipement de <u>p<\/u>rotection <u>i<\/u>ndividuel acheter (EPI) :<\/p>\n<ul>\n<li>Un descendeur type panier (EPI)<\/li>\n<li>Un mousqueton \u00e0 vis \u00a0ou automatique d&rsquo;escalade (EPI)<\/li>\n<li><del>Nous proposons des baudriers \u00ab\u00a0collectivit\u00e9\u00a0\u00bb &#8230; mais nous conseillons aux plus aguerris d&rsquo;acheter leur propre baudrier (qui sera plus confortable, plus l\u00e9ger et surtout &#8230; ce sera le v\u00f4tre)<\/del><\/li>\n<li>Suite aux protocoles d\u2019hygi\u00e8nes et mesures de protection, nous ne pr\u00eaterons pas de baudrier aux adh\u00e9rents \u00ab\u00a0non d\u00e9butants\u00a0\u00bb.<\/li>\n<li>D\u00e8s septembre 2021, en fonction des nouvelles directives, nous vous indiquerons comment nous proc\u00e9derons pour les adh\u00e9rent(e)s d\u00e9butant(e)s.<\/li>\n<li>Des chaussons d&rsquo;escalade (demandez conseil \u00e0 l&rsquo;encadrant, les premiers prix pour les jeunes d\u00e9butants), sinon des baskets propres pour le premier cours.<br \/>\nA noter que la section escalade organise une \u00ab\u00a0bourse aux chaussons\u00a0\u00bb \u00e0 la rentr\u00e9e sportive.<\/li>\n<li>Une tenue l\u00e9g\u00e8re (short\/leggings\/surv\u00eatement), les cheveux longs seront attach\u00e9s, pas de bagues aux doigts.<\/li>\n<li>Votre sourire et votre motivation afin de perdurer la bonne humeur dans tous nos cr\u00e9neaux.<\/li>\n<\/ul>\n","protected":false},"excerpt":{"rendered":"<p>Rappel du mat\u00e9riel n\u00e9cessaire, sauf pour les \u00ab\u00a0baby\u00a0\u00bb escalade du samedi 11h00 et les tous jeunes enfants de 7 et 8 ans o\u00f9 c&rsquo;est l&rsquo;encadrant qui vous dira quel \u00e9quipement &hellip; <a href=\"https:\/\/www.sartrouville-escalade.fr\/worexp\/index.php\/inscription\/le-materiel-necessaire\/\" class=\"more-link\">Continuer la lecture de <span class=\"screen-reader-text\">Le mat\u00e9riel n\u00e9cessaire<\/span>  <span class=\"meta-nav\">&rarr;<\/span><\/a><\/p>\n","protected":false},"author":1,"featured_media":0,"parent":107,"menu_order":0,"comment_status":"closed","ping_status":"closed","template":"","meta":{"_bbp_topic_count":0,"_bbp_reply_count":0,"_bbp_total_topic_count":0,"_bbp_total_reply_count":0,"_bbp_voice_count":0,"_bbp_anonymous_reply_count":0,"_bbp_topic_count_hidden":0,"_bbp_reply_count_hidden":0,"_bbp_forum_subforum_count":0,"footnotes":""},"class_list":["post-285","page","type-page","status-publish","hentry"],"post_mailing_queue_ids":[],"_links":{"self":[{"href":"https:\/\/www.sartrouville-escalade.fr\/worexp\/index.php\/wp-json\/wp\/v2\/pages\/285","targetHints":{"allow":["GET"]}}],"collection":[{"href":"https:\/\/www.sartrouville-escalade.fr\/worexp\/index.php\/wp-json\/wp\/v2\/pages"}],"about":[{"href":"https:\/\/www.sartrouville-escalade.fr\/worexp\/index.php\/wp-json\/wp\/v2\/types\/page"}],"author":[{"embeddable":true,"href":"https:\/\/www.sartrouville-escalade.fr\/worexp\/index.php\/wp-json\/wp\/v2\/users\/1"}],"replies":[{"embeddable":true,"href":"https:\/\/www.sartrouville-escalade.fr\/worexp\/index.php\/wp-json\/wp\/v2\/comments?post=285"}],"version-history":[{"count":7,"href":"https:\/\/www.sartrouville-escalade.fr\/worexp\/index.php\/wp-json\/wp\/v2\/pages\/285\/revisions"}],"predecessor-version":[{"id":11240,"href":"https:\/\/www.sartrouville-escalade.fr\/worexp\/index.php\/wp-json\/wp\/v2\/pages\/285\/revisions\/11240"}],"up":[{"embeddable":true,"href":"https:\/\/www.sartrouville-escalade.fr\/worexp\/index.php\/wp-json\/wp\/v2\/pages\/107"}],"wp:attachment":[{"href":"https:\/\/www.sartrouville-escalade.fr\/worexp\/index.php\/wp-json\/wp\/v2\/media?parent=285"}],"curies":[{"name":"wp","href":"https:\/\/api.w.org\/{rel}","templated":true}]}}